{"id":1259,"date":"2017-07-28T14:31:39","date_gmt":"2017-07-28T12:31:39","guid":{"rendered":"http:\/\/www.mancheck-berlin.de\/privacy-and-data-protection\/"},"modified":"2023-09-05T14:58:41","modified_gmt":"2023-09-05T12:58:41","slug":"privacy-and-data-protection","status":"publish","type":"page","link":"https:\/\/sidekicks.berlin\/en\/privacy-and-data-protection\/","title":{"rendered":"Privatsph\u00e4re und Datenschutz"},"content":{"rendered":"\n<h2 class=\"wp-block-heading\" id=\"datenschutzerklarung-fur-alle-webseiten-der-schwulenberatung-berlin-ggmbh\">Datenschutzerkl\u00e4rung f\u00fcr alle Webseiten der Schwulenberatung Berlin gGmbH<\/h2>\n\n<h3 class=\"wp-block-heading\" id=\"stand-03-09-2018\">Stand 03.09.2018<\/h3>\n\n<h5 class=\"wp-block-heading\" id=\"datenschutzerklarung\"><strong>Datenschutzerkl\u00e4rung<\/strong><\/h5>\n\n<p>Diese Datenschutzerkl\u00e4rung kl\u00e4rt Sie \u00fcber die Art, den Umfang und Zweck der Verarbeitung von personenbezogenen Daten (nachfolgend kurz \u201eDaten\u201c) im Rahmen der Erbringung unserer Leistungen sowie innerhalb unseres Onlineangebotes und der mit ihm verbundenen Webseiten, Funktionen und Inhalte sowie externen Onlinepr\u00e4senzen, wie z.B. unser Social Media Profile auf (nachfolgend gemeinsam bezeichnet als \u201eOnlineangebot\u201c). Im Hinblick auf die verwendeten Begrifflichkeiten, wie z.B. \u201eVerarbeitung\u201c oder \u201eVerantwortlicher\u201c verweisen wir auf die Definitionen im Art. 4 der Datenschutzgrundverordnung (DSGVO).<\/p>\n\n<h5 class=\"wp-block-heading\" id=\"verantwortlicher\"><strong>Verantwortlicher<\/strong><\/h5>\n\n<p>Schwulenberatung Berlin gGmbH<br\/>Niebuhrstra\u00dfe 59\/60<br\/>10629 Berlin<br\/>Deutschland<br\/>info@schwulenberatungberlin.de<br\/>Gesch\u00e4ftsf\u00fchrer Marcel de Groot<br\/>www.schwulenberatungberlin.de<\/p>\n\n<p>Kontakt Datenschutzbeauftragter<br\/>Gerald Herzog<br\/>Bismarckstr. 17<br\/>14109 Berlin<br\/>030 80 47 48 110<br\/>dsb@schwulenberatungberlin.de<\/p>\n\n<h5 class=\"wp-block-heading\" id=\"arten-der-verarbeiteten-daten\"><strong>Arten der verarbeiteten Daten<\/strong><\/h5>\n\n<p>&#8211; Bestandsdaten (z.B., Personen-Stammdaten, Namen oder Adressen).<br\/>&#8211; Kontaktdaten (z.B., E-Mail, Telefonnummern).<br\/>&#8211; Inhaltsdaten (z.B., Texteingaben, Fotografien, Videos).<br\/>&#8211; Nutzungsdaten (z.B., besuchte Webseiten, Interesse an Inhalten, Zugriffszeiten).<br\/>&#8211; Meta-\/Kommunikationsdaten (z.B., Ger\u00e4te-Informationen, IP-Adressen).<\/p>\n\n<h5 class=\"wp-block-heading\" id=\"kategorien-betroffener-personen\"><strong>Kategorien betroffener Personen<\/strong><\/h5>\n\n<p>Besucher und Nutzer des Onlineangebotes (Nachfolgend bezeichnen wir die betroffenen Personen zusammenfassend auch als \u201eNutzer\u201c).<\/p>\n\n<h5 class=\"wp-block-heading\" id=\"zweck-der-verarbeitung\"><strong>Zweck der Verarbeitung<\/strong><\/h5>\n\n<p>&#8211; Zurverf\u00fcgungstellung des Onlineangebotes, seiner Funktionen und Inhalte.<br\/>&#8211; Beantwortung von Kontaktanfragen und Kommunikation mit Nutzern.<br\/>&#8211; Sicherheitsma\u00dfnahmen.<br\/>&#8211; Reichweitenmessung\/Marketing<\/p>\n\n<h5 class=\"wp-block-heading\" id=\"verwendete-begrifflichkeiten\"><strong>Verwendete Begrifflichkeiten <\/strong><\/h5>\n\n<p>\u201ePersonenbezogene Daten\u201c sind alle Informationen, die sich auf eine identifizierte oder identifizierbare nat\u00fcrliche Person (im Folgenden \u201ebetroffene Person\u201c) beziehen; als identifizierbar wird eine nat\u00fcrliche Person angesehen, die direkt oder indirekt, insbesondere mittels Zuordnung zu einer Kennung wie einem Namen, zu einer Kennnummer, zu Standortdaten, zu einer Online-Kennung (z.B. Cookie) oder zu einem oder mehreren besonderen Merkmalen identifiziert werden kann, die Ausdruck der physischen, physiologischen, genetischen, psychischen, wirtschaftlichen, kulturellen oder sozialen Identit\u00e4t dieser nat\u00fcrlichen Person sind.<\/p>\n\n<p>\u201eVerarbeitung\u201c ist jeder mit oder ohne Hilfe automatisierter Verfahren ausgef\u00fchrte Vorgang oder jede solche Vorgangsreihe im Zusammenhang mit personenbezogenen Daten. Der Begriff reicht weit und umfasst praktisch jeden Umgang mit Daten.<\/p>\n\n<p>\u201ePseudonymisierung\u201c die Verarbeitung personenbezogener Daten in einer Weise, dass die personenbezogenen Daten ohne Hinzuziehung zus\u00e4tzlicher Informationen nicht mehr einer spezifischen betroffenen Person zugeordnet werden k\u00f6nnen, sofern diese zus\u00e4tzlichen Informationen gesondert aufbewahrt werden und technischen und organisatorischen Ma\u00dfnahmen unterliegen, die gew\u00e4hrleisten, dass die personenbezogenen Daten nicht einer identifizierten oder identifizierbaren nat\u00fcrlichen Person zugewiesen werden.<\/p>\n\n<p>\u201eProfiling\u201c jede Art der automatisierten Verarbeitung personenbezogener Daten, die darin besteht, dass diese personenbezogenen Daten verwendet werden, um bestimmte pers\u00f6nliche Aspekte, die sich auf eine nat\u00fcrliche Person beziehen, zu bewerten, insbesondere um Aspekte bez\u00fcglich Arbeitsleistung, wirtschaftliche Lage, Gesundheit, pers\u00f6nliche Vorlieben, Interessen, Zuverl\u00e4ssigkeit, Verhalten, Aufenthaltsort oder Ortswechsel dieser nat\u00fcrlichen Person zu analysieren oder vorherzusagen.<\/p>\n\n<p>Als \u201eVerantwortlicher\u201c wird die nat\u00fcrliche oder juristische Person, Beh\u00f6rde, Einrichtung oder andere Stelle, die allein oder gemeinsam mit anderen \u00fcber die Zwecke und Mittel der Verarbeitung von personenbezogenen Daten entscheidet, bezeichnet.<\/p>\n\n<p>\u201eAuftragsverarbeiter\u201c eine nat\u00fcrliche oder juristische Person, Beh\u00f6rde, Einrichtung oder andere Stelle, die personenbezogene Daten im Auftrag des Verantwortlichen verarbeitet.<\/p>\n\n<h5 class=\"wp-block-heading\" id=\"massgebliche-rechtsgrundlagen\"><strong>Ma\u00dfgebliche Rechtsgrundlagen<\/strong><\/h5>\n\n<p>Nach Ma\u00dfgabe des Art. 13 DSGVO teilen wir Ihnen die Rechtsgrundlagen unserer Datenverarbeitungen mit. F\u00fcr Nutzer aus dem Geltungsbereich der Datenschutzgrundverordnung (DSGVO), d.h. der EU und des EWG gilt, sofern die Rechtsgrundlage in der Datenschutzerkl\u00e4rung nicht genannt wird, Folgendes:<br\/>Die Rechtsgrundlage f\u00fcr die Einholung von Einwilligungen ist Art. 6 Abs. 1 lit. a und Art. 7 DSGVO;<br\/>Die Rechtsgrundlage f\u00fcr die Verarbeitung zur Erf\u00fcllung unserer Leistungen und Durchf\u00fchrung vertraglicher Ma\u00dfnahmen sowie Beantwortung von Anfragen ist Art. 6 Abs. 1 lit. b DSGVO;<br\/>Die Rechtsgrundlage f\u00fcr die Verarbeitung zur Erf\u00fcllung unserer rechtlichen Verpflichtungen ist Art. 6 Abs. 1 lit. c DSGVO;<br\/>F\u00fcr den Fall, dass lebenswichtige Interessen der betroffenen Person oder einer anderen nat\u00fcrlichen Person eine Verarbeitung personenbezogener Daten erforderlich machen, dient Art. 6 Abs. 1 lit. d DSGVO als Rechtsgrundlage.<br\/>Die Rechtsgrundlage f\u00fcr die erforderliche Verarbeitung zur Wahrnehmung einer Aufgabe, die im \u00f6ffentlichen Interesse liegt oder in Aus\u00fcbung \u00f6ffentlicher Gewalt erfolgt, die dem Verantwortlichen \u00fcbertragen wurde ist Art. 6 Abs. 1 lit. e DSGVO.<br\/>Die Rechtsgrundlage f\u00fcr die Verarbeitung zur Wahrung unserer berechtigten Interessen ist Art. 6 Abs. 1 lit. f DSGVO.<br\/>Die Verarbeitung von Daten zu anderen Zwecken als denen, zu denen sie ehoben wurden, bestimmt sich nach den Vorgaben des Art 6 Abs. 4 DSGVO.<br\/>Die Verarbeitung von besonderen Kategorien von Daten (entsprechend Art. 9 Abs. 1 DSGVO) bestimmt sich nach den Vorgaben des Art. 9 Abs. 2 DSGVO.<\/p>\n\n<h5 class=\"wp-block-heading\" id=\"sicherheitsmassnahmen\"><strong>Sicherheitsma\u00dfnahmen<\/strong><\/h5>\n\n<p>Wir treffen nach Ma\u00dfgabe der gesetzlichen Vorgabenunter Ber\u00fccksichtigung des Stands der Technik, der Implementierungskosten und der Art, des Umfangs, der Umst\u00e4nde und der Zwecke der Verarbeitung sowie der unterschiedlichen Eintrittswahrscheinlichkeit und Schwere des Risikos f\u00fcr die Rechte und Freiheiten nat\u00fcrlicher Personen, geeignete technische und organisatorische Ma\u00dfnahmen, um ein dem Risiko angemessenes Schutzniveau zu gew\u00e4hrleisten.<\/p>\n\n<p>Zu den Ma\u00dfnahmen geh\u00f6ren insbesondere die Sicherung der Vertraulichkeit, Integrit\u00e4t und Verf\u00fcgbarkeit von Daten durch Kontrolle des physischen Zugangs zu den Daten, als auch des sie betreffenden Zugriffs, der Eingabe, Weitergabe, der Sicherung der Verf\u00fcgbarkeit und ihrer Trennung. Des Weiteren haben wir Verfahren eingerichtet, die eine Wahrnehmung von Betroffenenrechten, L\u00f6schung von Daten und Reaktion auf Gef\u00e4hrdung der Daten gew\u00e4hrleisten. Ferner ber\u00fccksichtigen wir den Schutz personenbezogener Daten bereits bei der Entwicklung, bzw. Auswahl von Hardware, Software sowie Verfahren, entsprechend dem Prinzip des Datenschutzes durch Technikgestaltung und durch datenschutzfreundliche Voreinstellungen.<\/p>\n\n<h5 class=\"wp-block-heading\" id=\"zusammenarbeit-mit-auftragsverarbeitern-gemeinsam-verantwortlichen-und-dritten\"><strong>Zusammenarbeit mit Auftragsverarbeitern, gemeinsam Verantwortlichen und Dritten<\/strong><\/h5>\n\n<p>Sofern wir im Rahmen unserer Verarbeitung Daten gegen\u00fcber anderen Personen und Unternehmen (Auftragsverarbeitern, gemeinsam Verantwortlichen oder Dritten) offenbaren, sie an diese \u00fcbermitteln oder ihnen sonst Zugriff auf die Daten gew\u00e4hren, erfolgt dies nur auf Grundlage einer gesetzlichen Erlaubnis (z.B. wenn eine \u00dcbermittlung der Daten an Dritte, wie an Zahlungsdienstleister, zur Vertragserf\u00fcllung erforderlich ist), Nutzer eingewilligt haben, eine rechtliche Verpflichtung dies vorsieht oder auf Grundlage unserer berechtigten Interessen (z.B. beim Einsatz von Beauftragten, Webhostern, etc.).<\/p>\n\n<p>Sofern wir Daten anderen Unternehmen unserer Unternehmensgruppe offenbaren, \u00fcbermitteln oder ihnen sonst den Zugriff gew\u00e4hren, erfolgt dies insbesondere zu administrativen Zwecken als berechtigtes Interesse und dar\u00fcberhinausgehend auf einer den gesetzlichen Vorgaben entsprechenden Grundlage.<\/p>\n\n<h5 class=\"wp-block-heading\" id=\"ubermittlungen-in-drittlander\"><strong>\u00dcbermittlungen in Drittl\u00e4nder<\/strong><\/h5>\n\n<p>Sofern wir Daten in einem Drittland (d.h. au\u00dferhalb der Europ\u00e4ischen Union (EU), des Europ\u00e4ischen Wirtschaftsraums (EWR) oder der Schweizer Eidgenossenschaft) verarbeiten oder dies im Rahmen der Inanspruchnahme von Diensten Dritter oder Offenlegung, bzw. \u00dcbermittlung von Daten an andere Personen oder Unternehmen geschieht, erfolgt dies nur, wenn es zur Erf\u00fcllung unserer (vor)vertraglichen Pflichten, auf Grundlage Ihrer Einwilligung, aufgrund einer rechtlichen Verpflichtung oder auf Grundlage unserer berechtigten Interessen geschieht. Vorbehaltlich gesetzlicher oder vertraglicher Erlaubnisse, verarbeiten oder lassen wir die Daten in einem Drittland nur beim Vorliegen der gesetzlichen Voraussetzungen. D.h. die Verarbeitung erfolgt z.B. auf Grundlage besonderer Garantien, wie der offiziell anerkannten Feststellung eines der EU entsprechenden Datenschutzniveaus (z.B. f\u00fcr die USA durch das \u201ePrivacy Shield\u201c) oder Beachtung offiziell anerkannter spezieller vertraglicher Verpflichtungen.<\/p>\n\n<h5 class=\"wp-block-heading\" id=\"rechte-der-betroffenen-personen\"><strong>Rechte der betroffenen Personen<\/strong><\/h5>\n\n<p>Sie haben das Recht, eine Best\u00e4tigung dar\u00fcber zu verlangen, ob betreffende Daten verarbeitet werden und auf Auskunft \u00fcber diese Daten sowie auf weitere Informationen und Kopie der Daten entsprechend den gesetzlichen Vorgaben.<\/p>\n\n<p>Sie haben entsprechend. den gesetzlichen Vorgaben das Recht, die Vervollst\u00e4ndigung der Sie betreffenden Daten oder die Berichtigung der Sie betreffenden unrichtigen Daten zu verlangen.<\/p>\n\n<p>Sie haben nach Ma\u00dfgabe der gesetzlichen Vorgaben das Recht zu verlangen, dass betreffende Daten unverz\u00fcglich gel\u00f6scht werden, bzw. alternativ nach Ma\u00dfgabe der gesetzlichen Vorgaben eine Einschr\u00e4nkung der Verarbeitung der Daten zu verlangen.<\/p>\n\n<p>Sie haben das Recht zu verlangen, dass die Sie betreffenden Daten, die Sie uns bereitgestellt haben nach Ma\u00dfgabe der gesetzlichen Vorgaben zu erhalten und deren \u00dcbermittlung an andere Verantwortliche zu fordern.<\/p>\n\n<p>Sie haben ferner nach Ma\u00dfgabe der gesetzlichen Vorgaben das Recht, eine Beschwerde bei der zust\u00e4ndigen Aufsichtsbeh\u00f6rde einzureichen.<\/p>\n\n<h5 class=\"wp-block-heading\" id=\"widerrufsrecht\"><strong>Widerrufsrecht<\/strong><\/h5>\n\n<p>Sie haben das Recht, erteilte Einwilligungen mit Wirkung f\u00fcr die Zukunft zu widerrufen.<\/p>\n\n<h5 class=\"wp-block-heading\" id=\"widerspruchsrecht\"><strong>Widerspruchsrecht<\/strong><\/h5>\n\n<p><strong>Sie k\u00f6nnen der k\u00fcnftigen Verarbeitung der Sie betreffenden Daten nach Ma\u00dfgabe der gesetzlichen Vorgaben jederzeit widersprechen. Der Widerspruch kann insbesondere gegen die Verarbeitung f\u00fcr Zwecke der Direktwerbung erfolgen.<\/strong><\/p>\n\n<h5 class=\"wp-block-heading\" id=\"cookies-und-widerspruchsrecht-bei-direktwerbung\"><strong>Cookies und Widerspruchsrecht bei Direktwerbung<\/strong><\/h5>\n\n<p>Als \u201eCookies\u201c werden kleine Dateien bezeichnet, die auf Rechnern der Nutzer gespeichert werden. Innerhalb der Cookies k\u00f6nnen unterschiedliche Angaben gespeichert werden. Ein Cookie dient prim\u00e4r dazu, die Angaben zu einem Nutzer (bzw. dem Ger\u00e4t auf dem das Cookie gespeichert ist) w\u00e4hrend oder auch nach seinem Besuch innerhalb eines Onlineangebotes zu speichern. Als tempor\u00e4re Cookies, bzw. \u201eSession-Cookies\u201c oder \u201etransiente Cookies\u201c, werden Cookies bezeichnet, die gel\u00f6scht werden, nachdem ein Nutzer ein Onlineangebot verl\u00e4sst und seinen Browser schlie\u00dft. In einem solchen Cookie kann z.B. der Inhalt eines Warenkorbs in einem Onlineshop oder ein Login-Status gespeichert werden. Als \u201epermanent\u201c oder \u201epersistent\u201c werden Cookies bezeichnet, die auch nach dem Schlie\u00dfen des Browsers gespeichert bleiben. So kann z.B. der Login-Status gespeichert werden, wenn die Nutzer diese nach mehreren Tagen aufsuchen. Ebenso k\u00f6nnen in einem solchen Cookie die Interessen der Nutzer gespeichert werden, die f\u00fcr Reichweitenmessung oder Marketingzwecke verwendet werden. Als \u201eThird-Party-Cookie\u201c werden Cookies bezeichnet, die von anderen Anbietern als dem Verantwortlichen, der das Onlineangebot betreibt, angeboten werden (andernfalls, wenn es nur dessen Cookies sind spricht man von \u201eFirst-Party Cookies\u201c).<\/p>\n\n<p>Wir k\u00f6nnen tempor\u00e4re und permanente Cookies einsetzen und kl\u00e4ren hier\u00fcber im Rahmen unserer Datenschutzerkl\u00e4rung auf.<\/p>\n\n<p>Falls die Nutzer nicht m\u00f6chten, dass Cookies auf ihrem Rechner gespeichert werden, werden sie gebeten die entsprechende Option in den Systemeinstellungen ihres Browsers zu deaktivieren. Gespeicherte Cookies k\u00f6nnen in den Systemeinstellungen des Browsers gel\u00f6scht werden. Der Ausschluss von Cookies kann zu Funktionseinschr\u00e4nkungen dieses Onlineangebotes f\u00fchren.<\/p>\n\n<p>Ein genereller Widerspruch gegen den Einsatz der zu Zwecken des Onlinemarketing eingesetzten Cookies kann bei einer Vielzahl der Dienste, vor allem im Fall des Trackings, \u00fcber die US-amerikanische Seite <a href=\"http:\/\/www.aboutads.info\/choices\/\">http:\/\/www.aboutads.info\/choices\/<\/a> oder die EU-Seite <a href=\"http:\/\/www.youronlinechoices.com\/\">http:\/\/www.youronlinechoices.com\/<\/a> erkl\u00e4rt werden. Des Weiteren kann die Speicherung von Cookies mittels deren Abschaltung in den Einstellungen des Browsers erreicht werden. Bitte beachten Sie, dass dann gegebenenfalls nicht alle Funktionen dieses Onlineangebotes genutzt werden k\u00f6nnen.<\/p>\n\n<h5 class=\"wp-block-heading\" id=\"loschung-von-daten\"><strong>L\u00f6schung von Daten<\/strong><\/h5>\n\n<p>Die von uns verarbeiteten Daten werden nach Ma\u00dfgabe der gesetzlichen Vorgaben gel\u00f6scht oder in ihrer Verarbeitung eingeschr\u00e4nkt. Sofern nicht im Rahmen dieser Datenschutzerkl\u00e4rung ausdr\u00fccklich angegeben, werden die bei uns gespeicherten Daten gel\u00f6scht, sobald sie f\u00fcr ihre Zweckbestimmung nicht mehr erforderlich sind und der L\u00f6schung keine gesetzlichen Aufbewahrungspflichten entgegenstehen.<\/p>\n\n<p>Sofern die Daten nicht gel\u00f6scht werden, weil sie f\u00fcr andere und gesetzlich zul\u00e4ssige Zwecke erforderlich sind, wird deren Verarbeitung eingeschr\u00e4nkt. D.h. die Daten werden gesperrt und nicht f\u00fcr andere Zwecke verarbeitet. Das gilt z.B. f\u00fcr Daten, die aus handels- oder steuerrechtlichen Gr\u00fcnden aufbewahrt werden m\u00fcssen.<\/p>\n\n<h5 class=\"wp-block-heading\" id=\"anderungen-und-aktualisierungen-der-datenschutzerklarung\"><strong>\u00c4nderungen und Aktualisierungen der Datenschutzerkl\u00e4rung<\/strong><\/h5>\n\n<p>Wir bitten Sie sich regelm\u00e4\u00dfig \u00fcber den Inhalt unserer Datenschutzerkl\u00e4rung zu informieren. Wir passen die Datenschutzerkl\u00e4rung an, sobald die \u00c4nderungen der von uns durchgef\u00fchrten Datenverarbeitungen dies erforderlich machen. Wir informieren Sie, sobald durch die \u00c4nderungen eine Mitwirkungshandlung Ihrerseits (z.B. Einwilligung) oder eine sonstige individuelle Benachrichtigung erforderlich wird.<\/p>\n\n<h5 class=\"wp-block-heading\" id=\"erbringung-unserer-satzungs-und-geschaftsgemassen-leistungen\"><strong>Erbringung unserer satzungs- und gesch\u00e4ftsgem\u00e4\u00dfen Leistungen<\/strong><\/h5>\n\n<p>Wir verarbeiten die Daten unserer Mitglieder, Unterst\u00fctzer, Interessenten, Kunden oder sonstiger Personen entsprechend Art. 6 Abs. 1 lit. b. DSGVO, sofern wir ihnen gegen\u00fcber vertragliche Leistungen anbieten oder im Rahmen bestehender gesch\u00e4ftlicher Beziehung, z.B. gegen\u00fcber Mitgliedern, t\u00e4tig werden oder selbst Empf\u00e4nger von Leistungen und Zuwendungen sind. Im \u00dcbrigen verarbeiten wir die Daten betroffener Personen gem. Art. 6 Abs. 1 lit. f. DSGVO auf Grundlage unserer berechtigten Interessen, z.B. wenn es sich um administrative Aufgaben oder \u00d6ffentlichkeitsarbeit handelt.<\/p>\n\n<p>Die hierbei verarbeiteten Daten, die Art, der Umfang und der Zweck und die Erforderlichkeit ihrer Verarbeitung bestimmen sich nach dem zugrundeliegenden Vertragsverh\u00e4ltnis. Dazu geh\u00f6ren grunds\u00e4tzlich Bestands- und Stammdaten der Personen (z.B., Name, Adresse, etc.), als auch die Kontaktdaten (z.B., E-Mailadresse, Telefon, etc.), die Vertragsdaten (z.B., in Anspruch genommene Leistungen, mitgeteilte Inhalte und Informationen, Namen von Kontaktpersonen) und sofern wir zahlungspflichtige Leistungen oder Produkte anbieten, Zahlungsdaten (z.B., Bankverbindung, Zahlungshistorie, etc.).<\/p>\n\n<p>Wir l\u00f6schen Daten, die zur Erbringung unserer satzungs- und gesch\u00e4ftsm\u00e4\u00dfigen Zwecke nicht mehr erforderlich sind. Dies bestimmt sich entsprechend der jeweiligen Aufgaben und vertraglichen Beziehungen. Im Fall gesch\u00e4ftlicher Verarbeitung bewahren wir die Daten so lange auf, wie sie zur Gesch\u00e4ftsabwicklung, als auch im Hinblick auf etwaige Gew\u00e4hrleistungs- oder Haftungspflichten relevant sein k\u00f6nnen. Die Erforderlichkeit der Aufbewahrung der Daten wird alle drei Jahre \u00fcberpr\u00fcft; im \u00dcbrigen gelten die gesetzlichen Aufbewahrungspflichten.<\/p>\n\n<h5 class=\"wp-block-heading\" id=\"datenschutzhinweise-im-bewerbungsverfahren\"><strong>Datenschutzhinweise im Bewerbungsverfahren<\/strong><\/h5>\n\n<p>Wir verarbeiten die Bewerberdaten nur zum Zweck und im Rahmen des Bewerbungsverfahrens im Einklang mit den gesetzlichen Vorgaben. Die Verarbeitung der Bewerberdaten erfolgt zur Erf\u00fcllung unserer (vor)vertraglichen Verpflichtungen im Rahmen des Bewerbungsverfahrens im Sinne des Art. 6 Abs. 1 lit. b. DSGVO Art. 6 Abs. 1 lit. f. DSGVO sofern die Datenverarbeitung z.B. im Rahmen von rechtlichen Verfahren f\u00fcr uns erforderlich wird (in Deutschland gilt zus\u00e4tzlich \u00a7 26 BDSG).<\/p>\n\n<p>Das Bewerbungsverfahren setzt voraus, dass Bewerber uns die Bewerberdaten mitteilen. Die notwendigen Bewerberdaten sind, sofern wir ein Onlineformular anbieten gekennzeichnet, ergeben sich sonst aus den Stellenbeschreibungen und grunds\u00e4tzlich geh\u00f6ren dazu die Angaben zur Person, Post- und Kontaktadressen und die zur Bewerbung geh\u00f6renden Unterlagen, wie Anschreiben, Lebenslauf und die Zeugnisse. Daneben k\u00f6nnen uns Bewerber freiwillig zus\u00e4tzliche Informationen mitteilen.<\/p>\n\n<p>Mit der \u00dcbermittlung der Bewerbung an uns, erkl\u00e4ren sich die Bewerber mit der Verarbeitung ihrer Daten zu Zwecken des Bewerbungsverfahrens entsprechend der in dieser Datenschutzerkl\u00e4rung dargelegten Art und Umfang einverstanden.<\/p>\n\n<p>Soweit im Rahmen des Bewerbungsverfahrens freiwillig besondere Kategorien von personenbezogenen Daten im Sinne des Art. 9 Abs. 1 DSGVO mitgeteilt werden, erfolgt deren Verarbeitung zus\u00e4tzlich nach Art. 9 Abs. 2 lit. b DSGVO (z.B. Gesundheitsdaten, wie z.B. Schwerbehinderteneigenschaft oder ethnische Herkunft). Soweit im Rahmen des Bewerbungsverfahrens besondere Kategorien von personenbezogenen Daten im Sinne des Art. 9 Abs. 1 DSGVO bei Bewerbern angefragt werden, erfolgt deren Verarbeitung zus\u00e4tzlich nach Art. 9 Abs. 2 lit. a DSGVO (z.B. Gesundheitsdaten, wenn diese f\u00fcr die Berufsaus\u00fcbung erforderlich sind).<\/p>\n\n<p>Sofern zur Verf\u00fcgung gestellt, k\u00f6nnen uns Bewerber ihre Bewerbungen mittels eines Onlineformulars auf unserer Website \u00fcbermitteln. Die Daten werden entsprechend dem Stand der Technik verschl\u00fcsselt an uns \u00fcbertragen.<br\/>Ferner k\u00f6nnen Bewerber uns ihre Bewerbungen via E-Mail \u00fcbermitteln. Hierbei bitten wir jedoch zu beachten, dass E-Mails grunds\u00e4tzlich nicht verschl\u00fcsselt versendet werden und die Bewerber selbst f\u00fcr die Verschl\u00fcsselung sorgen m\u00fcssen. Wir k\u00f6nnen daher f\u00fcr den \u00dcbertragungsweg der Bewerbung zwischen dem Absender und dem Empfang auf unserem Server keine Verantwortung \u00fcbernehmen und empfehlen daher eher ein Online-Formular oder den postalischen Versand zu nutzen. Denn statt der Bewerbung \u00fcber das Online-Formular und E-Mail, steht den Bewerbern weiterhin die M\u00f6glichkeit zur Verf\u00fcgung, uns die Bewerbung auf dem Postweg zuzusenden.<\/p>\n\n<p>Die von den Bewerbern zur Verf\u00fcgung gestellten Daten, k\u00f6nnen im Fall einer erfolgreichen Bewerbung f\u00fcr die Zwecke des Besch\u00e4ftigungsverh\u00e4ltnisses von uns weiterverarbeitet werden. Andernfalls, sofern die Bewerbung auf ein Stellenangebot nicht erfolgreich ist, werden die Daten der Bewerber gel\u00f6scht. Die Daten der Bewerber werden ebenfalls gel\u00f6scht, wenn eine Bewerbung zur\u00fcckgezogen wird, wozu die Bewerber jederzeit berechtigt sind.<\/p>\n\n<p>Die L\u00f6schung erfolgt, vorbehaltlich eines berechtigten Widerrufs der Bewerber, nach dem Ablauf eines Zeitraums von sechs Monaten, damit wir etwaige Anschlussfragen zu der Bewerbung beantworten und unseren Nachweispflichten aus dem Gleichbehandlungsgesetz gen\u00fcgen k\u00f6nnen. Rechnungen \u00fcber etwaige Reisekostenerstattung werden entsprechend den steuerrechtlichen Vorgaben archiviert.<\/p>\n\n<h5 class=\"wp-block-heading\" id=\"talent-pool\"><strong>Talent-Pool<\/strong><\/h5>\n\n<p>Im Rahmen der Bewerbung bieten wir den Bewerbern die M\u00f6glichkeit an, in unseren \u201eTalent-Pool\u201c f\u00fcr einen Zeitraum von zwei Jahren auf Grundlage einer Einwilligung im Sinne der Art. 6 Abs. 1 lit. a. und Art. 7 DSGVO aufgenommen zu werden.<\/p>\n\n<p>Die Bewerbungsunterlagen im Talent-Pool werden alleine im Rahmen von k\u00fcnftigen Stellenausschreibungen und der Besch\u00e4ftigtensuche verarbeitet und werden sp\u00e4testens nach Ablauf der Frist vernichtet. Die Bewerber werden dar\u00fcber belehrt, dass deren Einwilligung in die Aufnahme in den Talent-Pool freiwillig ist, keinen Einfluss auf das aktuelle Bewerbungsverfahren hat und sie diese Einwilligung jederzeit f\u00fcr die Zukunft widerrufen sowie Widerspruch im Sinne des Art. 21 DSGVO erkl\u00e4ren k\u00f6nnen.<\/p>\n\n<h5 class=\"wp-block-heading\" id=\"kontaktaufnahme\"><strong>Kontaktaufnahme<\/strong><\/h5>\n\n<p>Bei der Kontaktaufnahme mit uns (z.B. per Kontaktformular, E-Mail, Telefon oder via sozialer Medien) werden die Angaben des Nutzers zur Bearbeitung der Kontaktanfrage und deren Abwicklung gem. Art. 6 Abs. 1 lit. b. (im Rahmen vertraglicher-\/vorvertraglicher Beziehungen), Art. 6 Abs. 1 lit. f. (andere Anfragen) DSGVO verarbeitet.. Die Angaben der Nutzer k\u00f6nnen in einem Customer-Relationship-Management System (&#8220;CRM System&#8221;) oder vergleichbarer Anfragenorganisation gespeichert werden.<\/p>\n\n<p>Wir l\u00f6schen die Anfragen, sofern diese nicht mehr erforderlich sind. Wir \u00fcberpr\u00fcfen die Erforderlichkeit alle zwei Jahre; Ferner gelten die gesetzlichen Archivierungspflichten.<\/p>\n\n<h5 class=\"wp-block-heading\" id=\"newsletter\"><strong>Newsletter<\/strong><\/h5>\n\n<p>Mit den nachfolgenden Hinweisen informieren wir Sie \u00fcber die Inhalte unseres Newsletters sowie das Anmelde-, Versand- und das statistische Auswertungsverfahren sowie Ihre Widerspruchsrechte auf. Indem Sie unseren Newsletter abonnieren, erkl\u00e4ren Sie sich mit dem Empfang und den beschriebenen Verfahren einverstanden.<\/p>\n\n<p>Inhalt des Newsletters: Wir versenden Newsletter, E-Mails und weitere elektronische Benachrichtigungen mit werblichen Informationen (nachfolgend \u201eNewsletter\u201c) nur mit der Einwilligung der Empf\u00e4nger oder einer gesetzlichen Erlaubnis. Sofern im Rahmen einer Anmeldung zum Newsletter dessen Inhalte konkret umschrieben werden, sind sie f\u00fcr die Einwilligung der Nutzer ma\u00dfgeblich. Im \u00dcbrigen enthalten unsere Newsletter Informationen zu unseren Leistungen und uns.<\/p>\n\n<p>Double-Opt-In und Protokollierung: Die Anmeldung zu unserem Newsletter erfolgt in einem sog. Double-Opt-In-Verfahren. D.h. Sie erhalten nach der Anmeldung eine E-Mail, in der Sie um die Best\u00e4tigung Ihrer Anmeldung gebeten werden. Diese Best\u00e4tigung ist notwendig, damit sich niemand mit fremden E-Mailadressen anmelden kann. Die Anmeldungen zum Newsletter werden protokolliert, um den Anmeldeprozess entsprechend den rechtlichen Anforderungen nachweisen zu k\u00f6nnen. Hierzu geh\u00f6rt die Speicherung des Anmelde- und des Best\u00e4tigungszeitpunkts, als auch der IP-Adresse. Ebenso werden die \u00c4nderungen Ihrer bei dem Versanddienstleister gespeicherten Daten protokolliert.<\/p>\n\n<p>Anmeldedaten: Um sich f\u00fcr den Newsletter anzumelden, reicht es aus, wenn Sie Ihre E-Mailadresse angeben. Optional bitten wir Sie einen Namen, zwecks pers\u00f6nlicher Ansprache im Newsletters anzugeben.<\/p>\n\n<p>Der Versand des Newsletters und die mit ihm verbundene Erfolgsmessung erfolgen auf Grundlage einer Einwilligung der Empf\u00e4nger gem. Art. 6 Abs. 1 lit. a, Art. 7 DSGVO i.V.m \u00a7 7 Abs. 2 Nr. 3 UWG oder falls eine Einwilligung nicht erforderlich ist, auf Grundlage unserer berechtigten Interessen am Direktmarketing gem. Art. 6 Abs. 1 lt. f. DSGVO i.V.m. \u00a7 7 Abs. 3 UWG.<\/p>\n\n<p>Die Protokollierung des Anmeldeverfahrens erfolgt auf Grundlage unserer berechtigten Interessen gem. Art. 6 Abs. 1 lit. f DSGVO. Unser Interesse richtet sich auf den Einsatz eines nutzerfreundlichen sowie sicheren Newslettersystems, das sowohl unseren gesch\u00e4ftlichen Interessen dient, als auch den Erwartungen der Nutzer entspricht und uns ferner den Nachweis von Einwilligungen erlaubt.<\/p>\n\n<p>K\u00fcndigung\/Widerruf &#8211; Sie k\u00f6nnen den Empfang unseres Newsletters jederzeit k\u00fcndigen, d.h. Ihre Einwilligungen widerrufen. Einen Link zur K\u00fcndigung des Newsletters finden Sie am Ende eines jeden Newsletters. Wir k\u00f6nnen die ausgetragenen E-Mailadressen bis zu drei Jahren auf Grundlage unserer berechtigten Interessen speichern bevor wir sie l\u00f6schen, um eine ehemals gegebene Einwilligung nachweisen zu k\u00f6nnen. Die Verarbeitung dieser Daten wird auf den Zweck einer m\u00f6glichen Abwehr von Anspr\u00fcchen beschr\u00e4nkt. Ein individueller L\u00f6schungsantrag ist jederzeit m\u00f6glich, sofern zugleich das ehemalige Bestehen einer Einwilligung best\u00e4tigt wird.<\/p>\n\n<h5 class=\"wp-block-heading\" id=\"newsletter-versanddienstleister\"><strong>Newsletter &#8211; Versanddienstleister<\/strong><\/h5>\n\n<p>Der Versand der Newsletter erfolgt mittels des Versanddienstleisters [sidekicks verschickt keine Newsletter]. Die Datenschutzbestimmungen des Versanddienstleisters k\u00f6nnen Sie hier einsehen: [sidekicks verschickt keine Newsletter]. Der Versanddienstleister wird auf Grundlage unserer berechtigten Interessen gem. Art. 6 Abs. 1 lit. f. DSGVO und eines Auftragsverarbeitungsvertrages gem. Art. 28 Abs. 3 S. 1 DSGVO eingesetzt.<\/p>\n\n<p>Der Versanddienstleister kann die Daten der Empf\u00e4nger in pseudonymer Form, d.h. ohne Zuordnung zu einem Nutzer, zur Optimierung oder Verbesserung der eigenen Services nutzen, z.B. zur technischen Optimierung des Versandes und der Darstellung der Newsletter oder f\u00fcr statistische Zwecke verwenden. Der Versanddienstleister nutzt die Daten unserer Newsletterempf\u00e4nger jedoch nicht, um diese selbst anzuschreiben oder um die Daten an Dritte weiterzugeben.<\/p>\n\n<h5 class=\"wp-block-heading\" id=\"erhebung-von-zugriffsdaten-und-logfiles\"><strong>Erhebung von Zugriffsdaten und Logfiles<\/strong><\/h5>\n\n<p>Wir, bzw. unser Hostinganbieter, erhebt auf Grundlage unserer berechtigten Interessen im Sinne des Art. 6 Abs. 1 lit. f. DSGVO Daten \u00fcber jeden Zugriff auf den Server, auf dem sich dieser Dienst befindet (sogenannte Serverlogfiles). Zu den Zugriffsdaten geh\u00f6ren Name der abgerufenen Webseite, Datei, Datum und Uhrzeit des Abrufs, \u00fcbertragene Datenmenge, Meldung \u00fcber erfolgreichen Abruf, Browsertyp nebst Version, das Betriebssystem des Nutzers, Referrer URL (die zuvor besuchte Seite), IP-Adresse und der anfragende Provider.<\/p>\n\n<p>Logfile-Informationen werden aus Sicherheitsgr\u00fcnden (z.B. zur Aufkl\u00e4rung von Missbrauchs- oder Betrugshandlungen) f\u00fcr die Dauer von maximal 7 Tagen gespeichert und danach gel\u00f6scht. Daten, deren weitere Aufbewahrung zu Beweiszwecken erforderlich ist, sind bis zur endg\u00fcltigen Kl\u00e4rung des jeweiligen Vorfalls von der L\u00f6schung ausgenommen.<\/p>\n\n<h5 class=\"wp-block-heading\" id=\"onlineprasenzen-in-sozialen-medien\"><strong>Onlinepr\u00e4senzen in sozialen Medien<\/strong><\/h5>\n\n<p>Wir unterhalten Onlinepr\u00e4senzen innerhalb sozialer Netzwerke und Plattformen, um mit den dort aktiven Kunden, Interessenten und Nutzern kommunizieren und sie dort \u00fcber unsere Leistungen informieren zu k\u00f6nnen.<\/p>\n\n<p>Wir weisen darauf hin, dass dabei Daten der Nutzer au\u00dferhalb des Raumes der Europ\u00e4ischen Union verarbeitet werden k\u00f6nnen. Hierdurch k\u00f6nnen sich f\u00fcr die Nutzer Risiken ergeben, weil so z.B. die Durchsetzung der Rechte der Nutzer erschwert werden k\u00f6nnte. Im Hinblick auf US-Anbieter die unter dem Privacy-Shield zertifiziert sind, weisen wir darauf hin, dass sie sich damit verpflichten, die Datenschutzstandards der EU einzuhalten.<\/p>\n\n<p>Ferner werden die Daten der Nutzer im Regelfall f\u00fcr Marktforschungs- und Werbezwecke verarbeitet. So k\u00f6nnen z.B. aus dem Nutzungsverhalten und sich daraus ergebenden Interessen der Nutzer Nutzungsprofile erstellt werden. Die Nutzungsprofile k\u00f6nnen wiederum verwendet werden, um z.B. Werbeanzeigen innerhalb und au\u00dferhalb der Plattformen zu schalten, die mutma\u00dflich den Interessen der Nutzer entsprechen. Zu diesen Zwecken werden im Regelfall Cookies auf den Rechnern der Nutzer gespeichert, in denen das Nutzungsverhalten und die Interessen der Nutzer gespeichert werden. Ferner k\u00f6nnen in den Nutzungsprofilen auch Daten unabh\u00e4ngig der von den Nutzern verwendeten Ger\u00e4te gespeichert werden (insbesondere wenn die Nutzer Mitglieder der jeweiligen Plattformen sind und bei diesen eingeloggt sind).<\/p>\n\n<p>Die Verarbeitung der personenbezogenen Daten der Nutzer erfolgt auf Grundlage unserer berechtigten Interessen an einer effektiven Information der Nutzer und Kommunikation mit den Nutzern gem. Art. 6 Abs. 1 lit. f. DSGVO. Falls die Nutzer von den jeweiligen Anbietern um eine Einwilligung in die Datenverarbeitung gebeten werden (d.h. ihr Einverst\u00e4ndnis z.B. \u00fcber das Anhaken eines Kontrollk\u00e4stchens oder Best\u00e4tigung einer Schaltfl\u00e4che erkl\u00e4ren) ist die Rechtsgrundlage der Verarbeitung Art. 6 Abs. 1 lit. a., Art. 7 DSGVO.<\/p>\n\n<p>F\u00fcr eine detaillierte Darstellung der jeweiligen Verarbeitungen und der Widerspruchsm\u00f6glichkeiten (Opt-Out), verweisen wir auf die nachfolgend verlinkten Angaben der Anbieter.<\/p>\n\n<p>Auch im Fall von Auskunftsanfragen und der Geltendmachung von Nutzerrechten, weisen wir darauf hin, dass diese am effektivsten bei den Anbietern geltend gemacht werden k\u00f6nnen. Nur die Anbieter haben jeweils Zugriff auf die Daten der Nutzer und k\u00f6nnen direkt entsprechende Ma\u00dfnahmen ergreifen und Ausk\u00fcnfte geben. Sollten Sie dennoch Hilfe ben\u00f6tigen, dann k\u00f6nnen Sie sich an uns wenden.<\/p>\n\n<p>&#8211; Facebook (Facebook Ireland Ltd., 4 Grand Canal Square, Grand Canal Harbour, Dublin 2, Irland) &#8211; Datenschutzerkl\u00e4rung: <a href=\"https:\/\/www.facebook.com\/about\/privacy\/\">https:\/\/www.facebook.com\/about\/privacy\/<\/a>, Opt-Out: <a href=\"https:\/\/www.facebook.com\/settings?tab=ads\">https:\/\/www.facebook.com\/settings?tab=ads<\/a> und <a href=\"http:\/\/www.youronlinechoices.com\/\">http:\/\/www.youronlinechoices.com<\/a>, Privacy Shield: <a href=\"https:\/\/www.privacyshield.gov\/participant?id=a2zt0000000GnywAAC&amp;status=Active\">https:\/\/www.privacyshield.gov\/participant?id=a2zt0000000GnywAAC&amp;status=Active<\/a>.<\/p>\n\n<p>&#8211; Google\/ YouTube (Google LLC, 1600 Amphitheatre Parkway, Mountain View, CA 94043, USA) \u2013 Datenschutzerkl\u00e4rung: <a href=\"https:\/\/policies.google.com\/privacy\">https:\/\/policies.google.com\/privacy<\/a>, Opt-Out: <a href=\"https:\/\/adssettings.google.com\/authenticated\">https:\/\/adssettings.google.com\/authenticated<\/a>, Privacy Shield: <a href=\"https:\/\/www.privacyshield.gov\/participant?id=a2zt000000001L5AAI&amp;status=Active\">https:\/\/www.privacyshield.gov\/participant?id=a2zt000000001L5AAI&amp;status=Active<\/a>.<\/p>\n\n<p>&#8211; Instagram (Instagram Inc., 1601 Willow Road, Menlo Park, CA, 94025, USA) \u2013 Datenschutzerkl\u00e4rung\/ Opt-Out: <a href=\"https:\/\/help.instagram.com\/1896641480634370\/?helpref=uf_share\">https:\/\/help.instagram.com\/1896641480634370?ref=ig<\/a>.<\/p>\n\n<p>&#8211; Twitter (Twitter Inc., 1355 Market Street, Suite 900, San Francisco, CA 94103, USA) &#8211; Datenschutzerkl\u00e4rung: <a href=\"https:\/\/twitter.com\/de\/privacy\">https:\/\/twitter.com\/de\/privacy<\/a>, Opt-Out: <a href=\"https:\/\/twitter.com\/personalization\">https:\/\/twitter.com\/personalization<\/a>, Privacy Shield: <a href=\"https:\/\/www.privacyshield.gov\/participant?id=a2zt0000000TORzAAO&amp;status=Active\">https:\/\/www.privacyshield.gov\/participant?id=a2zt0000000TORzAAO&amp;status=Active<\/a>.<\/p>\n\n<p>&#8211; Pinterest (Pinterest Inc., 635 High Street, Palo Alto, CA, 94301, USA) \u2013 Datenschutzerkl\u00e4rung\/ Opt-Out: <a href=\"https:\/\/policy.pinterest.com\/de\/privacy-policy\">https:\/\/policy.pinterest.com\/de\/privacy-policy<\/a>.<\/p>\n\n<p>&#8211; LinkedIn (LinkedIn Ireland Unlimited Company Wilton Place, Dublin 2, Irland) &#8211; Datenschutzerkl\u00e4rung <a href=\"https:\/\/www.linkedin.com\/legal\/privacy-policy\">https:\/\/www.linkedin.com\/legal\/privacy-policy<\/a> , Opt-Out: <a href=\"https:\/\/www.linkedin.com\/psettings\/guest-controls\/retargeting-opt-out\">https:\/\/www.linkedin.com\/psettings\/guest-controls\/retargeting-opt-out<\/a>, Privacy Shield: <a href=\"https:\/\/www.privacyshield.gov\/participant?id=a2zt0000000L0UZAA0&amp;status=Active\">https:\/\/www.privacyshield.gov\/participant?id=a2zt0000000L0UZAA0&amp;status=Active<\/a>.<\/p>\n\n<p>&#8211; Xing (XING AG, Dammtorstra\u00dfe 29-32, 20354 Hamburg, Deutschland) &#8211; Datenschutzerkl\u00e4rung\/ Opt-Out: <a href=\"https:\/\/privacy.xing.com\/de\/datenschutzerklaerung\">https:\/\/privacy.xing.com\/de\/datenschutzerklaerung<\/a>.<\/p>\n\n<p>&#8211; Wakalet (Wakelet Limited, 76 Quay Street, Manchester, M3 4PR, United Kingdom) &#8211; Datenschutzerkl\u00e4rung\/ Opt-Out: <a href=\"https:\/\/wakelet.com\/privacy.html\">https:\/\/wakelet.com\/privacy.html<\/a>.<\/p>\n\n<p>&#8211; Soundcloud (SoundCloud Limited, Rheinsberger Str. 76\/77, 10115 Berlin, Deutschland) &#8211; Datenschutzerkl\u00e4rung\/ Opt-Out: <a href=\"https:\/\/soundcloud.com\/pages\/privacy\">https:\/\/soundcloud.com\/pages\/privacy<\/a>.<\/p>\n\n<h5 class=\"wp-block-heading\" id=\"einbindung-von-diensten-und-inhalten-dritter\"><strong>Einbindung von Diensten und Inhalten Dritter<\/strong><\/h5>\n\n<p>Wir setzen innerhalb unseres Onlineangebotes auf Grundlage unserer berechtigten Interessen (d.h. Interesse an der Analyse, Optimierung und wirtschaftlichem Betrieb unseres Onlineangebotes im Sinne des Art. 6 Abs. 1 lit. f. DSGVO) Inhalts- oder Serviceangebote von Drittanbietern ein, um deren Inhalte und Services, wie z.B. Videos oder Schriftarten einzubinden (nachfolgend einheitlich bezeichnet als \u201cInhalte\u201d).<\/p>\n\n<p>Dies setzt immer voraus, dass die Drittanbieter dieser Inhalte, die IP-Adresse der Nutzer wahrnehmen, da sie ohne die IP-Adresse die Inhalte nicht an deren Browser senden k\u00f6nnten. Die IP-Adresse ist damit f\u00fcr die Darstellung dieser Inhalte erforderlich. Wir bem\u00fchen uns nur solche Inhalte zu verwenden, deren jeweilige Anbieter die IP-Adresse lediglich zur Auslieferung der Inhalte verwenden. Drittanbieter k\u00f6nnen ferner so genannte Pixel-Tags (unsichtbare Grafiken, auch als &#8220;Web Beacons&#8221; bezeichnet) f\u00fcr statistische oder Marketingzwecke verwenden. Durch die &#8220;Pixel-Tags&#8221; k\u00f6nnen Informationen, wie der Besucherverkehr auf den Seiten dieser Website ausgewertet werden. Die pseudonymen Informationen k\u00f6nnen ferner in Cookies auf dem Ger\u00e4t der Nutzer gespeichert werden und unter anderem technische Informationen zum Browser und Betriebssystem, verweisende Webseiten, Besuchszeit sowie weitere Angaben zur Nutzung unseres Onlineangebotes enthalten, als auch mit solchen Informationen aus anderen Quellen verbunden werden.<\/p>\n\n<h5 class=\"wp-block-heading\" id=\"google-fonts\"><strong>Google Fonts<\/strong><\/h5>\n\n<p>Wir binden die Schriftarten (&#8220;Google Fonts&#8221;) des Anbieters Google LLC, 1600 Amphitheatre Parkway, Mountain View, CA 94043, USA, ein. Datenschutzerkl\u00e4rung: <a href=\"https:\/\/www.google.com\/policies\/privacy\/\">https:\/\/www.google.com\/policies\/privacy\/<\/a>, Opt-Out: <a href=\"https:\/\/adssettings.google.com\/authenticated\">https:\/\/adssettings.google.com\/authenticated<\/a>.<\/p>\n\n<h5 class=\"wp-block-heading\" id=\"google-maps\"><strong>Google Maps<\/strong><\/h5>\n\n<p>Wir binden die Landkarten des Dienstes \u201cGoogle Maps\u201d des Anbieters Google LLC, 1600 Amphitheatre Parkway, Mountain View, CA 94043, USA, ein. Zu den verarbeiteten Daten k\u00f6nnen insbesondere IP-Adressen und Standortdaten der Nutzer geh\u00f6ren, die jedoch nicht ohne deren Einwilligung (im Regelfall im Rahmen der Einstellungen ihrer Mobilger\u00e4te vollzogen), erhoben werden. Die Daten k\u00f6nnen in den USA verarbeitet werden. Datenschutzerkl\u00e4rung: <a href=\"https:\/\/www.google.com\/policies\/privacy\/\">https:\/\/www.google.com\/policies\/privacy\/<\/a>, Opt-Out: <a href=\"https:\/\/adssettings.google.com\/authenticated\">https:\/\/adssettings.google.com\/authenticated<\/a>.<\/p>\n\n<p><a href=\"https:\/\/datenschutz-generator.de\/\">Created with Datenschutz-Generator.de by RA Dr. Thomas Schwenke<\/a><\/p>\n\n<div style=\"height:15px\" aria-hidden=\"true\" class=\"wp-block-spacer\"><\/div>\n\n<hr class=\"wp-block-separator has-alpha-channel-opacity\"\/>\n\n<div style=\"height:15px\" aria-hidden=\"true\" class=\"wp-block-spacer\"><\/div>\n\n<h2 class=\"wp-block-heading\">Supplements SIDEKICKS.BERLIN<\/h2>\n\n<h5 class=\"wp-block-heading\">Matomo Analytics<\/h5>\n\n<p id=\"matomo_opted_out_intro\" style=\"display:none;\">Opt-out complete; your visits to this website will not be recorded by the Web Analytics tool. Note that if you clear your cookies, delete the opt-out cookie, or if you change computers or Web browsers, you will need to perform the opt-out procedure again.<\/p><p id=\"matomo_opted_in_intro\" >You may choose to prevent this website from aggregating and analyzing the actions you take here. Doing so will protect your privacy, but will also prevent the owner from learning from your actions and creating a better experience for you and other users.<\/p><form>\n        <input type=\"checkbox\" id=\"matomo_optout_checkbox\" checked=\"checked\"\/>\n        <label for=\"matomo_optout_checkbox\"><strong>\n        <span id=\"matomo_opted_in_label\" >You are not opted out. Uncheck this box to opt-out.<\/span>\n\t\t<span id=\"matomo_opted_out_label\" style=\"display:none;\">You are currently opted out. Check this box to opt-in.<\/span>\n        <\/strong><\/label><\/form><noscript><p><strong style=\"color: #ff0000;\">This opt out feature requires JavaScript.<\/strong><\/p><\/noscript><p id=\"matomo_outout_err_cookies\" style=\"display: none;\"><strong>The tracking opt-out feature requires cookies to be enabled.<\/strong><\/p>\n","protected":false},"excerpt":{"rendered":"<p>Datenschutzerkl\u00e4rung f\u00fcr alle Webseiten der Schwulenberatung Berlin gGmbH Stand 03.09.2018 Datenschutzerkl\u00e4rung Diese Datenschutzerkl\u00e4rung kl\u00e4rt Sie \u00fcber die Art, den Umfang und Zweck der Verarbeitung von personenbezogenen<span class=\"excerpt-hellip\"> [\u2026]<\/span><\/p>\n","protected":false},"author":1,"featured_media":0,"parent":0,"menu_order":0,"comment_status":"closed","ping_status":"closed","template":"","meta":{"footnotes":""},"class_list":["post-1259","page","type-page","status-publish","hentry"],"_links":{"self":[{"href":"https:\/\/sidekicks.berlin\/en\/wp-json\/wp\/v2\/pages\/1259","targetHints":{"allow":["GET"]}}],"collection":[{"href":"https:\/\/sidekicks.berlin\/en\/wp-json\/wp\/v2\/pages"}],"about":[{"href":"https:\/\/sidekicks.berlin\/en\/wp-json\/wp\/v2\/types\/page"}],"author":[{"embeddable":true,"href":"https:\/\/sidekicks.berlin\/en\/wp-json\/wp\/v2\/users\/1"}],"replies":[{"embeddable":true,"href":"https:\/\/sidekicks.berlin\/en\/wp-json\/wp\/v2\/comments?post=1259"}],"version-history":[{"count":8,"href":"https:\/\/sidekicks.berlin\/en\/wp-json\/wp\/v2\/pages\/1259\/revisions"}],"predecessor-version":[{"id":10840,"href":"https:\/\/sidekicks.berlin\/en\/wp-json\/wp\/v2\/pages\/1259\/revisions\/10840"}],"wp:attachment":[{"href":"https:\/\/sidekicks.berlin\/en\/wp-json\/wp\/v2\/media?parent=1259"}],"curies":[{"name":"wp","href":"https:\/\/api.w.org\/{rel}","templated":true}]}}